{"id":25,"date":"2026-03-17T11:26:36","date_gmt":"2026-03-17T10:26:36","guid":{"rendered":"https:\/\/foapi.org\/?page_id=25"},"modified":"2026-04-21T15:44:49","modified_gmt":"2026-04-21T15:44:49","slug":"intervenants","status":"publish","type":"page","link":"https:\/\/foapi.org\/en\/intervenants\/","title":{"rendered":"Intervenants"},"content":{"rendered":"\t\t<div data-elementor-type=\"wp-page\" data-elementor-id=\"25\" class=\"elementor elementor-25\" data-elementor-post-type=\"page\">\n\t\t\t\t<div class=\"elementor-element elementor-element-51018b9 e-con-full e-flex wpr-particle-no wpr-jarallax-no wpr-parallax-no wpr-sticky-section-no wpr-equal-height-no e-con e-parent\" data-id=\"51018b9\" data-element_type=\"container\" data-e-type=\"container\" data-settings=\"{&quot;background_background&quot;:&quot;classic&quot;}\">\n\t\t\t\t<div class=\"elementor-element elementor-element-b9538b5 elementor-widget elementor-widget-heading\" data-id=\"b9538b5\" data-element_type=\"widget\" data-e-type=\"widget\" data-widget_type=\"heading.default\">\n\t\t\t\t\t<h1 class=\"elementor-heading-title elementor-size-default\">Intervenants<\/h1>\t\t\t\t<\/div>\n\t\t\t\t<div class=\"elementor-element elementor-element-a658fcf elementor-widget__width-initial elementor-widget elementor-widget-text-editor\" data-id=\"a658fcf\" data-element_type=\"widget\" data-e-type=\"widget\" data-widget_type=\"text-editor.default\">\n\t\t\t\t\t\t\t\t\t<p>D\u00e9couvrez les personnalit\u00e9s et experts qui fa\u00e7onnent l&#8217;avenir de la philanthropie d&#8217;impact en Afrique de l&#8217;Ouest.<\/p>\t\t\t\t\t\t\t\t<\/div>\n\t\t\t\t<\/div>\n\t\t<div class=\"elementor-element elementor-element-ece1e5a e-con-full e-flex wpr-particle-no wpr-jarallax-no wpr-parallax-no wpr-sticky-section-no wpr-equal-height-no e-con e-parent\" data-id=\"ece1e5a\" data-element_type=\"container\" data-e-type=\"container\">\n\t\t\t\t<div class=\"elementor-element elementor-element-ab11931 e-n-tabs-none elementor-widget elementor-widget-n-tabs\" data-id=\"ab11931\" data-element_type=\"widget\" data-e-type=\"widget\" data-settings=\"{&quot;tabs_justify_horizontal&quot;:&quot;center&quot;,&quot;horizontal_scroll_mobile&quot;:&quot;disable&quot;,&quot;horizontal_scroll&quot;:&quot;disable&quot;}\" data-widget_type=\"nested-tabs.default\">\n\t\t\t\t\t\t\t<div class=\"e-n-tabs\" data-widget-number=\"179378481\" aria-label=\"Onglets. Ouvrez des \u00e9l\u00e9ments avec Entrer ou Espace, fermez-les avec Echape et naviguez \u00e0 l&#039;aide des touches fl\u00e9ch\u00e9es.\">\n\t\t\t<div class=\"e-n-tabs-heading\" role=\"tablist\">\n\t\t\t\t\t<button id=\"e-n-tab-title-1793784811\" data-tab-title-id=\"e-n-tab-title-1793784811\" class=\"e-n-tab-title\" aria-selected=\"true\" data-tab-index=\"1\" role=\"tab\" tabindex=\"0\" aria-controls=\"e-n-tab-content-1793784811\" style=\"--n-tabs-title-order: 1;\">\n\t\t\t\t\t\t<span class=\"e-n-tab-title-text\">\n\t\t\t\tTous\t\t\t<\/span>\n\t\t<\/button>\n\t\t\t\t<button id=\"e-n-tab-title-1793784812\" data-tab-title-id=\"e-n-tab-title-1793784812\" class=\"e-n-tab-title\" aria-selected=\"false\" data-tab-index=\"2\" role=\"tab\" tabindex=\"-1\" aria-controls=\"e-n-tab-content-1793784812\" style=\"--n-tabs-title-order: 2;\">\n\t\t\t\t\t\t<span class=\"e-n-tab-title-text\">\n\t\t\t\tKeynotes\t\t\t<\/span>\n\t\t<\/button>\n\t\t\t\t<button id=\"e-n-tab-title-1793784813\" data-tab-title-id=\"e-n-tab-title-1793784813\" class=\"e-n-tab-title\" aria-selected=\"false\" data-tab-index=\"3\" role=\"tab\" tabindex=\"-1\" aria-controls=\"e-n-tab-content-1793784813\" style=\"--n-tabs-title-order: 3;\">\n\t\t\t\t\t\t<span class=\"e-n-tab-title-text\">\n\t\t\t\tPan\u00e9listes\t\t\t<\/span>\n\t\t<\/button>\n\t\t\t\t<button id=\"e-n-tab-title-1793784814\" data-tab-title-id=\"e-n-tab-title-1793784814\" class=\"e-n-tab-title\" aria-selected=\"false\" data-tab-index=\"4\" role=\"tab\" tabindex=\"-1\" aria-controls=\"e-n-tab-content-1793784814\" style=\"--n-tabs-title-order: 4;\">\n\t\t\t\t\t\t<span class=\"e-n-tab-title-text\">\n\t\t\t\tMod\u00e9rateurs\t\t\t<\/span>\n\t\t<\/button>\n\t\t\t\t\t<\/div>\n\t\t\t<div class=\"e-n-tabs-content\">\n\t\t\t\t<div id=\"e-n-tab-content-1793784811\" role=\"tabpanel\" aria-labelledby=\"e-n-tab-title-1793784811\" data-tab-index=\"1\" style=\"--n-tabs-title-order: 1;\" class=\"e-active elementor-element elementor-element-e185da6 e-con-full e-flex wpr-particle-no wpr-jarallax-no wpr-parallax-no wpr-sticky-section-no wpr-equal-height-no e-con e-child\" data-id=\"e185da6\" data-element_type=\"container\" data-e-type=\"container\" data-settings=\"{&quot;background_background&quot;:&quot;classic&quot;}\">\n\t\t\t\t<div class=\"elementor-element elementor-element-0c0c3b1 elementor-widget elementor-widget-pp-team-member-carousel\" data-id=\"0c0c3b1\" data-element_type=\"widget\" data-e-type=\"widget\" data-widget_type=\"pp-team-member-carousel.default\">\n\t\t\t\t\t\t\t<div class=\"swiper-container-wrap\">\n\t\t\t<div class=\"pp-tm-wrapper pp-tm-carousel pp-swiper-slider swiper\" id=\"swiper-container-0c0c3b1\" data-slider-settings=\"{&quot;direction&quot;:&quot;horizontal&quot;,&quot;effect&quot;:&quot;slide&quot;,&quot;speed&quot;:600,&quot;slides_per_view&quot;:4,&quot;space_between&quot;:10,&quot;auto_height&quot;:true,&quot;loop&quot;:&quot;yes&quot;,&quot;autoplay&quot;:&quot;yes&quot;,&quot;autoplay_speed&quot;:3000,&quot;pause_on_interaction&quot;:&quot;&quot;,&quot;slides_per_view_mobile&quot;:1,&quot;space_between_mobile&quot;:10,&quot;slides_per_view_tablet&quot;:2,&quot;space_between_tablet&quot;:10}\">\n\t\t\t\t<div class=\"swiper-wrapper\">\n\t\t\t\t\t\t\t\t\t\t\t<div class=\"swiper-slide\">\n\t\t\t\t\t\t\t<div class=\"pp-tm\">\n\t\t\t\t\t\t\t\t<div class=\"pp-tm-image\"> \n\t\t\t\t\t\t\t\t\t\t\t\t\t\t\t\t\t\t\t\t<a href=\"#elementor-action%3Aaction%3Dpopup%3Aopen%26settings%3DeyJpZCI6IjMxMDMiLCJ0b2dnbGUiOmZhbHNlfQ%3D%3D\">\n\t\t\t\t\t\t\t\t\t\t\t\t<img decoding=\"async\" src=\"https:\/\/foapi.org\/wp-content\/uploads\/2026\/04\/IMAGA-4.jpg.jpeg\" alt=\"Photo Alpha NURY\">\t\t\t\t\t\t\t\t\t\t\t<\/a>\n\t\t\t\t\t\t\t\t\t\t\t\n\t\t\t\t\t\t\t\t\t\t\t\t\t\t\t\t\t<\/div>\n\t\t\t\t\t\t\t\t<div class=\"pp-tm-content pp-tm-content-normal\">\n\t\t\t\t\t\t\t\t\t\t\t<h4 class=\"pp-tm-name\">\n\t\t\tAlpha Nury\t\t<\/h4>\n\n\t\t\t\t\t<div class=\"pp-tm-position\">\n\t\t\t\tInvestisseur, Cr\u00e9ateur de la plateforme de crowdtiming \u00e0 impact Jamaafunding\t\t\t<\/div>\n\t\t\t\t\t\t\t\t<div class=\"pp-tm-description\">\n\t\t\t\tEntrepreneur et fondateur de Jamaafunding, une plateforme pionni\u00e8re de crowdtiming qui permet de financer des projets \u00e0 la fois par l\u2019argent et par la mobilisation de comp\u00e9tences&#8230;\t\t\t<\/div>\n\t\t\t\t\t\t\t\t\t\t\t\t<\/div>\n\t\t\t\t\t\t\t<\/div>\n\t\t\t\t\t\t<\/div>\n\t\t\t\t\t\t\t\t\t\t\t<div class=\"swiper-slide\">\n\t\t\t\t\t\t\t<div class=\"pp-tm\">\n\t\t\t\t\t\t\t\t<div class=\"pp-tm-image\"> \n\t\t\t\t\t\t\t\t\t\t\t\t\t\t\t\t\t\t\t\t<a href=\"#elementor-action%3Aaction%3Dpopup%3Aopen%26settings%3DeyJpZCI6IjUwMzkiLCJ0b2dnbGUiOmZhbHNlfQ%3D%3D\">\n\t\t\t\t\t\t\t\t\t\t\t\t<img decoding=\"async\" src=\"https:\/\/foapi.org\/wp-content\/uploads\/2026\/04\/IMAGA-1.jpg-1.jpeg\" alt=\"IMAGA-1.jpg (1)\">\t\t\t\t\t\t\t\t\t\t\t<\/a>\n\t\t\t\t\t\t\t\t\t\t\t\n\t\t\t\t\t\t\t\t\t\t\t\t\t\t\t\t\t<\/div>\n\t\t\t\t\t\t\t\t<div class=\"pp-tm-content pp-tm-content-normal\">\n\t\t\t\t\t\t\t\t\t\t\t<h4 class=\"pp-tm-name\">\n\t\t\tAdelphe DOUA \t\t<\/h4>\n\n\t\t\t\t\t<div class=\"pp-tm-position\">\n\t\t\t\tCoordinateur National en C\u00f4te d\u2019Ivoire, au sein de l\u2019EUMC\t\t\t<\/div>\n\t\t\t\t\t\t\t\t<div class=\"pp-tm-description\">\n\t\t\t\tProfessionnel ivoirien engag\u00e9 dans le d\u00e9veloppement international, avec une sp\u00e9cialisation dans la coordination de projets \u00e0 fort impact social&#8230;\t\t\t<\/div>\n\t\t\t\t\t\t\t\t\t\t\t\t<\/div>\n\t\t\t\t\t\t\t<\/div>\n\t\t\t\t\t\t<\/div>\n\t\t\t\t\t\t\t\t\t\t\t<div class=\"swiper-slide\">\n\t\t\t\t\t\t\t<div class=\"pp-tm\">\n\t\t\t\t\t\t\t\t<div class=\"pp-tm-image\"> \n\t\t\t\t\t\t\t\t\t\t\t\t\t\t\t\t\t\t\t\t<a href=\"#elementor-action%3Aaction%3Dpopup%3Aopen%26settings%3DeyJpZCI6IjMxODkiLCJ0b2dnbGUiOmZhbHNlfQ%3D%3D\">\n\t\t\t\t\t\t\t\t\t\t\t\t<img decoding=\"async\" src=\"https:\/\/foapi.org\/wp-content\/uploads\/2026\/04\/IMAGA-6.jpg.jpeg\" alt=\"Photo Mame Omar DIOP\">\t\t\t\t\t\t\t\t\t\t\t<\/a>\n\t\t\t\t\t\t\t\t\t\t\t\n\t\t\t\t\t\t\t\t\t\t\t\t\t\t\t\t\t<\/div>\n\t\t\t\t\t\t\t\t<div class=\"pp-tm-content pp-tm-content-normal\">\n\t\t\t\t\t\t\t\t\t\t\t<h4 class=\"pp-tm-name\">\n\t\t\tM. Mame Omar DIOP\t\t<\/h4>\n\n\t\t\t\t\t<div class=\"pp-tm-position\">\n\t\t\t\tRepr\u00e9sentant de l\u2019UNESCO en C\u00f4te d\u2019Ivoire. \t\t\t<\/div>\n\t\t\t\t\t\t\t\t<div class=\"pp-tm-description\">\n\t\t\t\tPr\u00e9sentement en C\u00f4te d\u2019Ivoire en qualit\u00e9 de Chef de bureau et Repr\u00e9sentant de\nl\u2019UNESCO, M. Mame Omar Diop est un sp\u00e9cialiste de l\u2019\u00e9ducation qui a, \u00e0 son actif, plus\nde 15 ann\u00e9es d\u2019exp\u00e9rience dans le domaine&#8230;\t\t\t<\/div>\n\t\t\t\t\t\t\t\t\t\t\t\t<\/div>\n\t\t\t\t\t\t\t<\/div>\n\t\t\t\t\t\t<\/div>\n\t\t\t\t\t\t\t\t\t\t\t<div class=\"swiper-slide\">\n\t\t\t\t\t\t\t<div class=\"pp-tm\">\n\t\t\t\t\t\t\t\t<div class=\"pp-tm-image\"> \n\t\t\t\t\t\t\t\t\t\t\t\t\t\t\t\t\t\t\t\t<a href=\"#elementor-action%3Aaction%3Dpopup%3Aopen%26settings%3DeyJpZCI6IjMxOTEiLCJ0b2dnbGUiOmZhbHNlfQ%3D%3D\">\n\t\t\t\t\t\t\t\t\t\t\t\t<img decoding=\"async\" src=\"https:\/\/foapi.org\/wp-content\/uploads\/2026\/04\/IMAGA-2.jpg.jpeg\" alt=\"IMAGA-2.jpg\">\t\t\t\t\t\t\t\t\t\t\t<\/a>\n\t\t\t\t\t\t\t\t\t\t\t\n\t\t\t\t\t\t\t\t\t\t\t\t\t\t\t\t\t<\/div>\n\t\t\t\t\t\t\t\t<div class=\"pp-tm-content pp-tm-content-normal\">\n\t\t\t\t\t\t\t\t\t\t\t<h4 class=\"pp-tm-name\">\n\t\t\tST\u00c9PHANE BOUQUET\t\t<\/h4>\n\n\t\t\t\t\t<div class=\"pp-tm-position\">\n\t\t\t\tDirigeant et consultant senior en ESG\t\t\t<\/div>\n\t\t\t\t\t\t\t\t<div class=\"pp-tm-description\">\n\t\t\t\tSt\u00e9phane a plus de 20 ans d\u2019exp\u00e9rience au service des entreprises agroalimentaires.\nDipl\u00f4m\u00e9 de Montpellier SupAgro en agronomie et environnement, il a occup\u00e9 des&#8230;\t\t\t<\/div>\n\t\t\t\t\t\t\t\t\t\t\t\t<\/div>\n\t\t\t\t\t\t\t<\/div>\n\t\t\t\t\t\t<\/div>\n\t\t\t\t\t\t\t\t\t\t\t<div class=\"swiper-slide\">\n\t\t\t\t\t\t\t<div class=\"pp-tm\">\n\t\t\t\t\t\t\t\t<div class=\"pp-tm-image\"> \n\t\t\t\t\t\t\t\t\t\t\t\t\t\t\t\t\t\t\t\t<a href=\"#elementor-action%3Aaction%3Dpopup%3Aopen%26settings%3DeyJpZCI6IjUwNjUiLCJ0b2dnbGUiOmZhbHNlfQ%3D%3D\">\n\t\t\t\t\t\t\t\t\t\t\t\t<img decoding=\"async\" src=\"https:\/\/foapi.org\/wp-content\/uploads\/2026\/04\/IMAGA-5.jpg.jpeg\" alt=\"Photo Aminata Kane BALDE\">\t\t\t\t\t\t\t\t\t\t\t<\/a>\n\t\t\t\t\t\t\t\t\t\t\t\n\t\t\t\t\t\t\t\t\t\t\t\t\t\t\t\t\t<\/div>\n\t\t\t\t\t\t\t\t<div class=\"pp-tm-content pp-tm-content-normal\">\n\t\t\t\t\t\t\t\t\t\t\t<h4 class=\"pp-tm-name\">\n\t\t\tAminata Kane Bald\u00e9\t\t<\/h4>\n\n\t\t\t\t\t<div class=\"pp-tm-position\">\n\t\t\t\tFondatrice de C4D, Acumen Fellow et OpED Public Voices Fellow\t\t\t<\/div>\n\t\t\t\t\t\t\t\t<div class=\"pp-tm-description\">\n\t\t\t\tArchitecte panafricaine des syst\u00e8mes entrepreneuriaux et des\narchitectures de financement du d\u00e9veloppement&#8230;\t\t\t<\/div>\n\t\t\t\t\t\t\t\t\t\t\t\t<\/div>\n\t\t\t\t\t\t\t<\/div>\n\t\t\t\t\t\t<\/div>\n\t\t\t\t\t\t\t\t\t\t\t<div class=\"swiper-slide\">\n\t\t\t\t\t\t\t<div class=\"pp-tm\">\n\t\t\t\t\t\t\t\t<div class=\"pp-tm-image\"> \n\t\t\t\t\t\t\t\t\t\t\t\t\t\t\t\t\t\t\t\t<a href=\"#elementor-action%3Aaction%3Dpopup%3Aopen%26settings%3DeyJpZCI6IjMxOTMiLCJ0b2dnbGUiOmZhbHNlfQ%3D%3D\">\n\t\t\t\t\t\t\t\t\t\t\t\t<img decoding=\"async\" src=\"https:\/\/foapi.org\/wp-content\/uploads\/2026\/04\/IMAGA-3.jpg.jpeg\" alt=\"IMAGA-3.jpg\">\t\t\t\t\t\t\t\t\t\t\t<\/a>\n\t\t\t\t\t\t\t\t\t\t\t\n\t\t\t\t\t\t\t\t\t\t\t\t\t\t\t\t\t<\/div>\n\t\t\t\t\t\t\t\t<div class=\"pp-tm-content pp-tm-content-normal\">\n\t\t\t\t\t\t\t\t\t\t\t<h4 class=\"pp-tm-name\">\n\t\t\tSefora Kodjo\t\t<\/h4>\n\n\t\t\t\t\t<div class=\"pp-tm-position\">\n\t\t\t\tPr\u00e9sidente du R\u00e9seau africain des femmes leaders\t\t\t<\/div>\n\t\t\t\t\t\t\t\t<div class=\"pp-tm-description\">\n\t\t\t\t Femme d&#8217;affaire et entrepreneure sociale ivoirienne, pr\u00e9sidente du R\u00e9seau africain des femmes leaders&#8230;\t\t\t<\/div>\n\t\t\t\t\t\t\t\t\t\t\t\t<\/div>\n\t\t\t\t\t\t\t<\/div>\n\t\t\t\t\t\t<\/div>\n\t\t\t\t\t\t\t\t\t\t\t<div class=\"swiper-slide\">\n\t\t\t\t\t\t\t<div class=\"pp-tm\">\n\t\t\t\t\t\t\t\t<div class=\"pp-tm-image\"> \n\t\t\t\t\t\t\t\t\t\t\t\t\t\t\t\t\t\t\t\t<a href=\"#elementor-action%3Aaction%3Dpopup%3Aopen%26settings%3DeyJpZCI6IjMxOTciLCJ0b2dnbGUiOmZhbHNlfQ%3D%3D\">\n\t\t\t\t\t\t\t\t\t\t\t\t<img decoding=\"async\" src=\"https:\/\/foapi.org\/wp-content\/uploads\/2026\/04\/1.png\" alt=\"Ebrima SALL\">\t\t\t\t\t\t\t\t\t\t\t<\/a>\n\t\t\t\t\t\t\t\t\t\t\t\n\t\t\t\t\t\t\t\t\t\t\t\t\t\t\t\t\t<\/div>\n\t\t\t\t\t\t\t\t<div class=\"pp-tm-content pp-tm-content-normal\">\n\t\t\t\t\t\t\t\t\t\t\t<h4 class=\"pp-tm-name\">\n\t\t\tEbrima SALL\t\t<\/h4>\n\n\t\t\t\t\t<div class=\"pp-tm-position\">\n\t\t\t\tDirecteur ex\u00e9cutif de TrustAfrica\t\t\t<\/div>\n\t\t\t\t\t\t\t\t<div class=\"pp-tm-description\">\n\t\t\t\tDirecteur ex\u00e9cutif de TrustAfrica, une fondation panafricaine qui promeut une citoyennet\u00e9 responsable et un leadership transparent&#8230;\t\t\t<\/div>\n\t\t\t\t\t\t\t\t\t\t\t\t<\/div>\n\t\t\t\t\t\t\t<\/div>\n\t\t\t\t\t\t<\/div>\n\t\t\t\t\t\t\t\t\t\t\t<div class=\"swiper-slide\">\n\t\t\t\t\t\t\t<div class=\"pp-tm\">\n\t\t\t\t\t\t\t\t<div class=\"pp-tm-image\"> \n\t\t\t\t\t\t\t\t\t\t\t\t\t\t\t\t\t\t\t\t<a href=\"#elementor-action%3Aaction%3Dpopup%3Aopen%26settings%3DeyJpZCI6IjMxOTkiLCJ0b2dnbGUiOmZhbHNlfQ%3D%3D\">\n\t\t\t\t\t\t\t\t\t\t\t\t<img decoding=\"async\" src=\"https:\/\/foapi.org\/wp-content\/uploads\/2026\/03\/Photo-Koumba-ANOUMA.png\" alt=\"Photo Koumba ANOUMA\">\t\t\t\t\t\t\t\t\t\t\t<\/a>\n\t\t\t\t\t\t\t\t\t\t\t\n\t\t\t\t\t\t\t\t\t\t\t\t\t\t\t\t\t<\/div>\n\t\t\t\t\t\t\t\t<div class=\"pp-tm-content pp-tm-content-normal\">\n\t\t\t\t\t\t\t\t\t\t\t<h4 class=\"pp-tm-name\">\n\t\t\tKoumba Diallo Anouma\t\t<\/h4>\n\n\t\t\t\t\t<div class=\"pp-tm-position\">\n\t\t\t\tExecutive MBA\t\t\t<\/div>\n\t\t\t\t\t\t\t\t<div class=\"pp-tm-description\">\n\t\t\t\tDirigeant ax\u00e9 sur l&#8217;impact, fort de 20 ans d&#8217;exp\u00e9rience dans des environnements internationaux et multiculturels. Solide expertise en mati\u00e8re de financement mixte&#8230;\t\t\t<\/div>\n\t\t\t\t\t\t\t\t\t\t\t\t<\/div>\n\t\t\t\t\t\t\t<\/div>\n\t\t\t\t\t\t<\/div>\n\t\t\t\t\t\t\t\t\t\t\t<div class=\"swiper-slide\">\n\t\t\t\t\t\t\t<div class=\"pp-tm\">\n\t\t\t\t\t\t\t\t<div class=\"pp-tm-image\"> \n\t\t\t\t\t\t\t\t\t\t\t\t\t\t\t\t\t\t\t\t<a href=\"#elementor-action%3Aaction%3Dpopup%3Aopen%26settings%3DeyJpZCI6IjMyMDEiLCJ0b2dnbGUiOmZhbHNlfQ%3D%3D\">\n\t\t\t\t\t\t\t\t\t\t\t\t<img decoding=\"async\" src=\"https:\/\/foapi.org\/wp-content\/uploads\/2026\/03\/Photo-Dr.-Liliane.png\" alt=\"Photo Dr. Liliane\">\t\t\t\t\t\t\t\t\t\t\t<\/a>\n\t\t\t\t\t\t\t\t\t\t\t\n\t\t\t\t\t\t\t\t\t\t\t\t\t\t\t\t\t<\/div>\n\t\t\t\t\t\t\t\t<div class=\"pp-tm-content pp-tm-content-normal\">\n\t\t\t\t\t\t\t\t\t\t\t<h4 class=\"pp-tm-name\">\n\t\t\tDr Liliane MBAZUTIMA KABONDO\t\t<\/h4>\n\n\t\t\t\t\t<div class=\"pp-tm-position\">\n\t\t\t\tNational AMEF Project Coordinator\t\t\t<\/div>\n\t\t\t\t\t\t\t\t<div class=\"pp-tm-description\">\n\t\t\t\tM\u00e9decin et experte en sant\u00e9 publique, entrepreneuriat \u00e0 impact et financement du d\u00e9veloppement. Elle cumule plus de vingt ann\u00e9es d\u2019exp\u00e9rience dans la structuration de &#8230;\t\t\t<\/div>\n\t\t\t\t\t\t\t\t\t\t\t\t<\/div>\n\t\t\t\t\t\t\t<\/div>\n\t\t\t\t\t\t<\/div>\n\t\t\t\t\t\t\t\t\t\t\t<div class=\"swiper-slide\">\n\t\t\t\t\t\t\t<div class=\"pp-tm\">\n\t\t\t\t\t\t\t\t<div class=\"pp-tm-image\"> \n\t\t\t\t\t\t\t\t\t\t\t\t\t\t\t\t\t\t\t\t<a href=\"#elementor-action%3Aaction%3Dpopup%3Aopen%26settings%3DeyJpZCI6IjUxMDUiLCJ0b2dnbGUiOmZhbHNlfQ%3D%3D\">\n\t\t\t\t\t\t\t\t\t\t\t\t<img decoding=\"async\" src=\"https:\/\/foapi.org\/wp-content\/uploads\/2026\/04\/Gaoussou-Sylla.png\" alt=\"Gaoussou Sylla\">\t\t\t\t\t\t\t\t\t\t\t<\/a>\n\t\t\t\t\t\t\t\t\t\t\t\n\t\t\t\t\t\t\t\t\t\t\t\t\t\t\t\t\t<\/div>\n\t\t\t\t\t\t\t\t<div class=\"pp-tm-content pp-tm-content-normal\">\n\t\t\t\t\t\t\t\t\t\t\t<h4 class=\"pp-tm-name\">\n\t\t\tDr. Gaoussou Sylla\t\t<\/h4>\n\n\t\t\t\t\t<div class=\"pp-tm-position\">\n\t\t\t\tConseiller Sp\u00e9cial | Chief of Staff | Chief Transformation Officer | Coordinateur, Fondation Azala\u00ef\t\t\t<\/div>\n\t\t\t\t\t\t\t\t<div class=\"pp-tm-description\">\n\t\t\t\tPraticien du d\u00e9veloppement et de la transformation\ninstitutionnelle, discret dans sa posture de Chief of Staff et&#8230;\t\t\t<\/div>\n\t\t\t\t\t\t\t\t\t\t\t\t<\/div>\n\t\t\t\t\t\t\t<\/div>\n\t\t\t\t\t\t<\/div>\n\t\t\t\t\t\t\t\t\t<\/div>\n\t\t\t<\/div>\n\t\t\t\t\t<\/div>\n\t\t\t\t\t\t<\/div>\n\t\t\t\t<\/div>\n\t\t<div id=\"e-n-tab-content-1793784812\" role=\"tabpanel\" aria-labelledby=\"e-n-tab-title-1793784812\" data-tab-index=\"2\" style=\"--n-tabs-title-order: 2;\" class=\" elementor-element elementor-element-e003146 e-con-full e-flex wpr-particle-no wpr-jarallax-no wpr-parallax-no wpr-sticky-section-no wpr-equal-height-no e-con e-child\" data-id=\"e003146\" data-element_type=\"container\" data-e-type=\"container\" data-settings=\"{&quot;background_background&quot;:&quot;classic&quot;}\">\n\t\t\t\t<div class=\"elementor-element elementor-element-5b7fbe4 elementor-widget elementor-widget-pp-team-member-carousel\" data-id=\"5b7fbe4\" data-element_type=\"widget\" data-e-type=\"widget\" data-widget_type=\"pp-team-member-carousel.default\">\n\t\t\t\t\t\t\t<div class=\"swiper-container-wrap\">\n\t\t\t<div class=\"pp-tm-wrapper pp-tm-carousel pp-swiper-slider swiper\" id=\"swiper-container-5b7fbe4\" data-slider-settings=\"{&quot;direction&quot;:&quot;horizontal&quot;,&quot;effect&quot;:&quot;slide&quot;,&quot;speed&quot;:600,&quot;slides_per_view&quot;:3,&quot;space_between&quot;:20,&quot;auto_height&quot;:true,&quot;loop&quot;:&quot;yes&quot;,&quot;autoplay&quot;:&quot;yes&quot;,&quot;autoplay_speed&quot;:3000,&quot;pause_on_interaction&quot;:&quot;&quot;,&quot;slides_per_view_mobile&quot;:1,&quot;space_between_mobile&quot;:10,&quot;slides_per_view_tablet&quot;:2,&quot;space_between_tablet&quot;:10}\">\n\t\t\t\t<div class=\"swiper-wrapper\">\n\t\t\t\t\t\t\t\t\t\t\t<div class=\"swiper-slide\">\n\t\t\t\t\t\t\t<div class=\"pp-tm\">\n\t\t\t\t\t\t\t\t<div class=\"pp-tm-image\"> \n\t\t\t\t\t\t\t\t\t\t\t\t\t\t\t\t\t\t\t\t<a href=\"#elementor-action%3Aaction%3Dpopup%3Aopen%26settings%3DeyJpZCI6IjMxOTciLCJ0b2dnbGUiOmZhbHNlfQ%3D%3D\">\n\t\t\t\t\t\t\t\t\t\t\t\t<img decoding=\"async\" src=\"https:\/\/foapi.org\/wp-content\/uploads\/2026\/04\/1.png\" alt=\"Ebrima SALL\">\t\t\t\t\t\t\t\t\t\t\t<\/a>\n\t\t\t\t\t\t\t\t\t\t\t\n\t\t\t\t\t\t\t\t\t\t\t\t\t\t\t\t\t<\/div>\n\t\t\t\t\t\t\t\t<div class=\"pp-tm-content pp-tm-content-normal\">\n\t\t\t\t\t\t\t\t\t\t\t<h4 class=\"pp-tm-name\">\n\t\t\tEbrima SALL\t\t<\/h4>\n\n\t\t\t\t\t<div class=\"pp-tm-position\">\n\t\t\t\tDirecteur ex\u00e9cutif de TrustAfrica\t\t\t<\/div>\n\t\t\t\t\t\t\t\t<div class=\"pp-tm-description\">\n\t\t\t\tDirecteur ex\u00e9cutif de TrustAfrica, une fondation panafricaine qui promeut une citoyennet\u00e9 responsable et un leadership transparent&#8230;\t\t\t<\/div>\n\t\t\t\t\t\t\t\t\t\t\t\t<\/div>\n\t\t\t\t\t\t\t<\/div>\n\t\t\t\t\t\t<\/div>\n\t\t\t\t\t\t\t\t\t\t\t<div class=\"swiper-slide\">\n\t\t\t\t\t\t\t<div class=\"pp-tm\">\n\t\t\t\t\t\t\t\t<div class=\"pp-tm-image\"> \n\t\t\t\t\t\t\t\t\t\t\t\t\t\t\t\t\t\t\t\t<a href=\"#elementor-action%3Aaction%3Dpopup%3Aopen%26settings%3DeyJpZCI6IjMxMDMiLCJ0b2dnbGUiOmZhbHNlfQ%3D%3D\">\n\t\t\t\t\t\t\t\t\t\t\t\t<img decoding=\"async\" src=\"https:\/\/foapi.org\/wp-content\/uploads\/2026\/04\/IMAGA-4.jpg.jpeg\" alt=\"Photo Alpha NURY\">\t\t\t\t\t\t\t\t\t\t\t<\/a>\n\t\t\t\t\t\t\t\t\t\t\t\n\t\t\t\t\t\t\t\t\t\t\t\t\t\t\t\t\t<\/div>\n\t\t\t\t\t\t\t\t<div class=\"pp-tm-content pp-tm-content-normal\">\n\t\t\t\t\t\t\t\t\t\t\t<h4 class=\"pp-tm-name\">\n\t\t\tAlpha Nury\t\t<\/h4>\n\n\t\t\t\t\t<div class=\"pp-tm-position\">\n\t\t\t\tInvestisseur, Cr\u00e9ateur de la plateforme de crowdtiming \u00e0 impact Jamaafunding\t\t\t<\/div>\n\t\t\t\t\t\t\t\t<div class=\"pp-tm-description\">\n\t\t\t\tEntrepreneur et fondateur de Jamaafunding, une plateforme pionni\u00e8re de crowdtiming qui permet de financer des projets \u00e0 la fois par l\u2019argent et par la mobilisation de comp\u00e9tences&#8230;\t\t\t<\/div>\n\t\t\t\t\t\t\t\t\t\t\t\t<\/div>\n\t\t\t\t\t\t\t<\/div>\n\t\t\t\t\t\t<\/div>\n\t\t\t\t\t\t\t\t\t\t\t<div class=\"swiper-slide\">\n\t\t\t\t\t\t\t<div class=\"pp-tm\">\n\t\t\t\t\t\t\t\t<div class=\"pp-tm-image\"> \n\t\t\t\t\t\t\t\t\t\t\t\t\t\t\t\t\t\t\t\t<a href=\"#elementor-action%3Aaction%3Dpopup%3Aopen%26settings%3DeyJpZCI6IjUwMzkiLCJ0b2dnbGUiOmZhbHNlfQ%3D%3D\">\n\t\t\t\t\t\t\t\t\t\t\t\t<img decoding=\"async\" src=\"https:\/\/foapi.org\/wp-content\/uploads\/2026\/04\/IMAGA-1.jpg-1.jpeg\" alt=\"IMAGA-1.jpg (1)\">\t\t\t\t\t\t\t\t\t\t\t<\/a>\n\t\t\t\t\t\t\t\t\t\t\t\n\t\t\t\t\t\t\t\t\t\t\t\t\t\t\t\t\t<\/div>\n\t\t\t\t\t\t\t\t<div class=\"pp-tm-content pp-tm-content-normal\">\n\t\t\t\t\t\t\t\t\t\t\t<h4 class=\"pp-tm-name\">\n\t\t\tAdelphe DOUA \t\t<\/h4>\n\n\t\t\t\t\t<div class=\"pp-tm-position\">\n\t\t\t\tCoordinateur National en C\u00f4te d\u2019Ivoire, au sein de l\u2019EUMC\t\t\t<\/div>\n\t\t\t\t\t\t\t\t<div class=\"pp-tm-description\">\n\t\t\t\tProfessionnel ivoirien engag\u00e9 dans le d\u00e9veloppement international, avec une sp\u00e9cialisation dans la coordination de projets \u00e0 fort impact social&#8230;\t\t\t<\/div>\n\t\t\t\t\t\t\t\t\t\t\t\t<\/div>\n\t\t\t\t\t\t\t<\/div>\n\t\t\t\t\t\t<\/div>\n\t\t\t\t\t\t\t\t\t<\/div>\n\t\t\t<\/div>\n\t\t\t\t\t<\/div>\n\t\t\t\t\t\t<\/div>\n\t\t\t\t<\/div>\n\t\t<div id=\"e-n-tab-content-1793784813\" role=\"tabpanel\" aria-labelledby=\"e-n-tab-title-1793784813\" data-tab-index=\"3\" style=\"--n-tabs-title-order: 3;\" class=\" elementor-element elementor-element-98deda9 e-con-full e-flex wpr-particle-no wpr-jarallax-no wpr-parallax-no wpr-sticky-section-no wpr-equal-height-no e-con e-child\" data-id=\"98deda9\" data-element_type=\"container\" data-e-type=\"container\" data-settings=\"{&quot;background_background&quot;:&quot;classic&quot;}\">\n\t\t\t\t<div class=\"elementor-element elementor-element-8333888 elementor-widget elementor-widget-pp-team-member-carousel\" data-id=\"8333888\" data-element_type=\"widget\" data-e-type=\"widget\" data-widget_type=\"pp-team-member-carousel.default\">\n\t\t\t\t\t\t\t<div class=\"swiper-container-wrap\">\n\t\t\t<div class=\"pp-tm-wrapper pp-tm-carousel pp-swiper-slider swiper\" id=\"swiper-container-8333888\" data-slider-settings=\"{&quot;direction&quot;:&quot;horizontal&quot;,&quot;effect&quot;:&quot;slide&quot;,&quot;speed&quot;:600,&quot;slides_per_view&quot;:4,&quot;space_between&quot;:10,&quot;auto_height&quot;:true,&quot;loop&quot;:&quot;yes&quot;,&quot;autoplay&quot;:&quot;yes&quot;,&quot;autoplay_speed&quot;:3000,&quot;pause_on_interaction&quot;:&quot;&quot;,&quot;slides_per_view_mobile&quot;:1,&quot;space_between_mobile&quot;:10,&quot;slides_per_view_tablet&quot;:2,&quot;space_between_tablet&quot;:10}\">\n\t\t\t\t<div class=\"swiper-wrapper\">\n\t\t\t\t\t\t\t\t\t\t\t<div class=\"swiper-slide\">\n\t\t\t\t\t\t\t<div class=\"pp-tm\">\n\t\t\t\t\t\t\t\t<div class=\"pp-tm-image\"> \n\t\t\t\t\t\t\t\t\t\t\t\t\t\t\t\t\t\t\t\t<a href=\"#elementor-action%3Aaction%3Dpopup%3Aopen%26settings%3DeyJpZCI6IjUwNjUiLCJ0b2dnbGUiOmZhbHNlfQ%3D%3D\">\n\t\t\t\t\t\t\t\t\t\t\t\t<img decoding=\"async\" src=\"https:\/\/foapi.org\/wp-content\/uploads\/2026\/04\/IMAGA-5.jpg.jpeg\" alt=\"Photo Aminata Kane BALDE\">\t\t\t\t\t\t\t\t\t\t\t<\/a>\n\t\t\t\t\t\t\t\t\t\t\t\n\t\t\t\t\t\t\t\t\t\t\t\t\t\t\t\t\t<\/div>\n\t\t\t\t\t\t\t\t<div class=\"pp-tm-content pp-tm-content-normal\">\n\t\t\t\t\t\t\t\t\t\t\t<h4 class=\"pp-tm-name\">\n\t\t\tAminata Kane Bald\u00e9\t\t<\/h4>\n\n\t\t\t\t\t<div class=\"pp-tm-position\">\n\t\t\t\tFondatrice de C4D, Acumen Fellow et OpED Public Voices Fellow\t\t\t<\/div>\n\t\t\t\t\t\t\t\t<div class=\"pp-tm-description\">\n\t\t\t\tArchitecte panafricaine des syst\u00e8mes entrepreneuriaux et des\narchitectures de financement du d\u00e9veloppement&#8230;\t\t\t<\/div>\n\t\t\t\t\t\t\t\t\t\t\t\t<\/div>\n\t\t\t\t\t\t\t<\/div>\n\t\t\t\t\t\t<\/div>\n\t\t\t\t\t\t\t\t\t\t\t<div class=\"swiper-slide\">\n\t\t\t\t\t\t\t<div class=\"pp-tm\">\n\t\t\t\t\t\t\t\t<div class=\"pp-tm-image\"> \n\t\t\t\t\t\t\t\t\t\t\t\t\t\t\t\t\t\t\t\t<a href=\"#elementor-action%3Aaction%3Dpopup%3Aopen%26settings%3DeyJpZCI6IjMxMDMiLCJ0b2dnbGUiOmZhbHNlfQ%3D%3D\">\n\t\t\t\t\t\t\t\t\t\t\t\t<img decoding=\"async\" src=\"https:\/\/foapi.org\/wp-content\/uploads\/2026\/04\/IMAGA-4.jpg.jpeg\" alt=\"Photo Alpha NURY\">\t\t\t\t\t\t\t\t\t\t\t<\/a>\n\t\t\t\t\t\t\t\t\t\t\t\n\t\t\t\t\t\t\t\t\t\t\t\t\t\t\t\t\t<\/div>\n\t\t\t\t\t\t\t\t<div class=\"pp-tm-content pp-tm-content-normal\">\n\t\t\t\t\t\t\t\t\t\t\t<h4 class=\"pp-tm-name\">\n\t\t\tAlpha Nury\t\t<\/h4>\n\n\t\t\t\t\t<div class=\"pp-tm-position\">\n\t\t\t\tInvestisseur, Cr\u00e9ateur de la plateforme de crowdtiming \u00e0 impact Jamaafunding\t\t\t<\/div>\n\t\t\t\t\t\t\t\t<div class=\"pp-tm-description\">\n\t\t\t\tEntrepreneur et fondateur de Jamaafunding, une plateforme pionni\u00e8re de crowdtiming qui permet de financer des projets \u00e0 la fois par l\u2019argent et par la mobilisation de comp\u00e9tences&#8230;\t\t\t<\/div>\n\t\t\t\t\t\t\t\t\t\t\t\t<\/div>\n\t\t\t\t\t\t\t<\/div>\n\t\t\t\t\t\t<\/div>\n\t\t\t\t\t\t\t\t\t\t\t<div class=\"swiper-slide\">\n\t\t\t\t\t\t\t<div class=\"pp-tm\">\n\t\t\t\t\t\t\t\t<div class=\"pp-tm-image\"> \n\t\t\t\t\t\t\t\t\t\t\t\t\t\t\t\t\t\t\t\t<a href=\"#elementor-action%3Aaction%3Dpopup%3Aopen%26settings%3DeyJpZCI6IjMyMDEiLCJ0b2dnbGUiOmZhbHNlfQ%3D%3D\">\n\t\t\t\t\t\t\t\t\t\t\t\t<img decoding=\"async\" src=\"https:\/\/foapi.org\/wp-content\/uploads\/2026\/03\/Photo-Dr.-Liliane.png\" alt=\"Photo Dr. Liliane\">\t\t\t\t\t\t\t\t\t\t\t<\/a>\n\t\t\t\t\t\t\t\t\t\t\t\n\t\t\t\t\t\t\t\t\t\t\t\t\t\t\t\t\t<\/div>\n\t\t\t\t\t\t\t\t<div class=\"pp-tm-content pp-tm-content-normal\">\n\t\t\t\t\t\t\t\t\t\t\t<h4 class=\"pp-tm-name\">\n\t\t\tDr Liliane MBAZUTIMA KABONDO\t\t<\/h4>\n\n\t\t\t\t\t<div class=\"pp-tm-position\">\n\t\t\t\tNational AMEF Project Coordinator\t\t\t<\/div>\n\t\t\t\t\t\t\t\t<div class=\"pp-tm-description\">\n\t\t\t\tM\u00e9decin et experte en sant\u00e9 publique, entrepreneuriat \u00e0 impact et financement du d\u00e9veloppement. Elle cumule plus de vingt ann\u00e9es d\u2019exp\u00e9rience dans la structuration de &#8230;\t\t\t<\/div>\n\t\t\t\t\t\t\t\t\t\t\t\t<\/div>\n\t\t\t\t\t\t\t<\/div>\n\t\t\t\t\t\t<\/div>\n\t\t\t\t\t\t\t\t\t\t\t<div class=\"swiper-slide\">\n\t\t\t\t\t\t\t<div class=\"pp-tm\">\n\t\t\t\t\t\t\t\t<div class=\"pp-tm-image\"> \n\t\t\t\t\t\t\t\t\t\t\t\t\t\t\t\t\t\t\t\t<a href=\"#elementor-action%3Aaction%3Dpopup%3Aopen%26settings%3DeyJpZCI6IjUwMzkiLCJ0b2dnbGUiOmZhbHNlfQ%3D%3D\">\n\t\t\t\t\t\t\t\t\t\t\t\t<img decoding=\"async\" src=\"https:\/\/foapi.org\/wp-content\/uploads\/2026\/04\/IMAGA-1.jpg-1.jpeg\" alt=\"IMAGA-1.jpg (1)\">\t\t\t\t\t\t\t\t\t\t\t<\/a>\n\t\t\t\t\t\t\t\t\t\t\t\n\t\t\t\t\t\t\t\t\t\t\t\t\t\t\t\t\t<\/div>\n\t\t\t\t\t\t\t\t<div class=\"pp-tm-content pp-tm-content-normal\">\n\t\t\t\t\t\t\t\t\t\t\t<h4 class=\"pp-tm-name\">\n\t\t\tAdelphe DOUA \t\t<\/h4>\n\n\t\t\t\t\t<div class=\"pp-tm-position\">\n\t\t\t\tCoordinateur National en C\u00f4te d\u2019Ivoire, au sein de l\u2019EUMC\t\t\t<\/div>\n\t\t\t\t\t\t\t\t<div class=\"pp-tm-description\">\n\t\t\t\tProfessionnel ivoirien engag\u00e9 dans le d\u00e9veloppement international, avec une sp\u00e9cialisation dans la coordination de projets \u00e0 fort impact social&#8230;\t\t\t<\/div>\n\t\t\t\t\t\t\t\t\t\t\t\t<\/div>\n\t\t\t\t\t\t\t<\/div>\n\t\t\t\t\t\t<\/div>\n\t\t\t\t\t\t\t\t\t\t\t<div class=\"swiper-slide\">\n\t\t\t\t\t\t\t<div class=\"pp-tm\">\n\t\t\t\t\t\t\t\t<div class=\"pp-tm-image\"> \n\t\t\t\t\t\t\t\t\t\t\t\t\t\t\t\t\t\t\t\t<a href=\"#elementor-action%3Aaction%3Dpopup%3Aopen%26settings%3DeyJpZCI6IjMxOTkiLCJ0b2dnbGUiOmZhbHNlfQ%3D%3D\">\n\t\t\t\t\t\t\t\t\t\t\t\t<img decoding=\"async\" src=\"https:\/\/foapi.org\/wp-content\/uploads\/2026\/03\/Photo-Koumba-ANOUMA.png\" alt=\"Photo Koumba ANOUMA\">\t\t\t\t\t\t\t\t\t\t\t<\/a>\n\t\t\t\t\t\t\t\t\t\t\t\n\t\t\t\t\t\t\t\t\t\t\t\t\t\t\t\t\t<\/div>\n\t\t\t\t\t\t\t\t<div class=\"pp-tm-content pp-tm-content-normal\">\n\t\t\t\t\t\t\t\t\t\t\t<h4 class=\"pp-tm-name\">\n\t\t\tKoumba Diallo Anouma\t\t<\/h4>\n\n\t\t\t\t\t<div class=\"pp-tm-position\">\n\t\t\t\tExecutive MBA\t\t\t<\/div>\n\t\t\t\t\t\t\t\t<div class=\"pp-tm-description\">\n\t\t\t\tDirigeant ax\u00e9 sur l&#8217;impact, fort de 20 ans d&#8217;exp\u00e9rience dans des environnements internationaux et multiculturels. Solide expertise en mati\u00e8re de financement mixte&#8230;\t\t\t<\/div>\n\t\t\t\t\t\t\t\t\t\t\t\t<\/div>\n\t\t\t\t\t\t\t<\/div>\n\t\t\t\t\t\t<\/div>\n\t\t\t\t\t\t\t\t\t\t\t<div class=\"swiper-slide\">\n\t\t\t\t\t\t\t<div class=\"pp-tm\">\n\t\t\t\t\t\t\t\t<div class=\"pp-tm-image\"> \n\t\t\t\t\t\t\t\t\t\t\t\t\t\t\t\t\t\t\t\t<a href=\"#elementor-action%3Aaction%3Dpopup%3Aopen%26settings%3DeyJpZCI6IjUxMDUiLCJ0b2dnbGUiOmZhbHNlfQ%3D%3D\">\n\t\t\t\t\t\t\t\t\t\t\t\t<img decoding=\"async\" src=\"https:\/\/foapi.org\/wp-content\/uploads\/2026\/04\/Gaoussou-Sylla.png\" alt=\"Gaoussou Sylla\">\t\t\t\t\t\t\t\t\t\t\t<\/a>\n\t\t\t\t\t\t\t\t\t\t\t\n\t\t\t\t\t\t\t\t\t\t\t\t\t\t\t\t\t<\/div>\n\t\t\t\t\t\t\t\t<div class=\"pp-tm-content pp-tm-content-normal\">\n\t\t\t\t\t\t\t\t\t\t\t<h4 class=\"pp-tm-name\">\n\t\t\tDr. Gaoussou Sylla\t\t<\/h4>\n\n\t\t\t\t\t<div class=\"pp-tm-position\">\n\t\t\t\tConseiller Sp\u00e9cial | Chief of Staff | Chief Transformation Officer | Coordinateur, Fondation Azala\u00ef\t\t\t<\/div>\n\t\t\t\t\t\t\t\t<div class=\"pp-tm-description\">\n\t\t\t\tPraticien du d\u00e9veloppement et de la transformation\ninstitutionnelle, discret dans sa posture de Chief of Staff et&#8230;\t\t\t<\/div>\n\t\t\t\t\t\t\t\t\t\t\t\t<\/div>\n\t\t\t\t\t\t\t<\/div>\n\t\t\t\t\t\t<\/div>\n\t\t\t\t\t\t\t\t\t\t\t<div class=\"swiper-slide\">\n\t\t\t\t\t\t\t<div class=\"pp-tm\">\n\t\t\t\t\t\t\t\t<div class=\"pp-tm-image\"> \n\t\t\t\t\t\t\t\t\t\t\t\t\t\t\t\t\t\t\t\t<a href=\"#elementor-action%3Aaction%3Dpopup%3Aopen%26settings%3DeyJpZCI6IjMxODkiLCJ0b2dnbGUiOmZhbHNlfQ%3D%3D\">\n\t\t\t\t\t\t\t\t\t\t\t\t<img decoding=\"async\" src=\"https:\/\/foapi.org\/wp-content\/uploads\/2026\/04\/Photo-Mame-Omar-DIOP-scaled.jpg\" alt=\"Photo Mame Omar DIOP\">\t\t\t\t\t\t\t\t\t\t\t<\/a>\n\t\t\t\t\t\t\t\t\t\t\t\n\t\t\t\t\t\t\t\t\t\t\t\t\t\t\t\t\t<\/div>\n\t\t\t\t\t\t\t\t<div class=\"pp-tm-content pp-tm-content-normal\">\n\t\t\t\t\t\t\t\t\t\t\t<h4 class=\"pp-tm-name\">\n\t\t\tM. Mame Omar DIOP\t\t<\/h4>\n\n\t\t\t\t\t<div class=\"pp-tm-position\">\n\t\t\t\tRepr\u00e9sentant de l\u2019UNESCO en C\u00f4te d\u2019Ivoire. \t\t\t<\/div>\n\t\t\t\t\t\t\t\t<div class=\"pp-tm-description\">\n\t\t\t\tPr\u00e9sentement en C\u00f4te d\u2019Ivoire en qualit\u00e9 de Chef de bureau et Repr\u00e9sentant de\nl\u2019UNESCO, M. Mame Omar Diop est un sp\u00e9cialiste de l\u2019\u00e9ducation qui a, \u00e0 son actif, plus\nde 15 ann\u00e9es d\u2019exp\u00e9rience dans le domaine&#8230;\t\t\t<\/div>\n\t\t\t\t\t\t\t\t\t\t\t\t<\/div>\n\t\t\t\t\t\t\t<\/div>\n\t\t\t\t\t\t<\/div>\n\t\t\t\t\t\t\t\t\t\t\t<div class=\"swiper-slide\">\n\t\t\t\t\t\t\t<div class=\"pp-tm\">\n\t\t\t\t\t\t\t\t<div class=\"pp-tm-image\"> \n\t\t\t\t\t\t\t\t\t\t\t\t\t\t\t\t\t\t\t\t<a href=\"#elementor-action%3Aaction%3Dpopup%3Aopen%26settings%3DeyJpZCI6IjMxOTMiLCJ0b2dnbGUiOmZhbHNlfQ%3D%3D\">\n\t\t\t\t\t\t\t\t\t\t\t\t<img decoding=\"async\" src=\"https:\/\/foapi.org\/wp-content\/uploads\/2026\/04\/IMAGA-3.jpg.jpeg\" alt=\"IMAGA-3.jpg\">\t\t\t\t\t\t\t\t\t\t\t<\/a>\n\t\t\t\t\t\t\t\t\t\t\t\n\t\t\t\t\t\t\t\t\t\t\t\t\t\t\t\t\t<\/div>\n\t\t\t\t\t\t\t\t<div class=\"pp-tm-content pp-tm-content-normal\">\n\t\t\t\t\t\t\t\t\t\t\t<h4 class=\"pp-tm-name\">\n\t\t\tSefora Kodjo\t\t<\/h4>\n\n\t\t\t\t\t<div class=\"pp-tm-position\">\n\t\t\t\tPr\u00e9sidente du R\u00e9seau africain des femmes leaders\t\t\t<\/div>\n\t\t\t\t\t\t\t\t<div class=\"pp-tm-description\">\n\t\t\t\t Femme d&#8217;affaire et entrepreneure sociale ivoirienne, pr\u00e9sidente du R\u00e9seau africain des femmes leaders&#8230;\t\t\t<\/div>\n\t\t\t\t\t\t\t\t\t\t\t\t<\/div>\n\t\t\t\t\t\t\t<\/div>\n\t\t\t\t\t\t<\/div>\n\t\t\t\t\t\t\t\t\t\t\t<div class=\"swiper-slide\">\n\t\t\t\t\t\t\t<div class=\"pp-tm\">\n\t\t\t\t\t\t\t\t<div class=\"pp-tm-image\"> \n\t\t\t\t\t\t\t\t\t\t\t\t\t\t\t\t\t\t\t\t<a href=\"#elementor-action%3Aaction%3Dpopup%3Aopen%26settings%3DeyJpZCI6IjMxOTEiLCJ0b2dnbGUiOmZhbHNlfQ%3D%3D\">\n\t\t\t\t\t\t\t\t\t\t\t\t<img decoding=\"async\" src=\"https:\/\/foapi.org\/wp-content\/uploads\/2026\/04\/IMAGA-2.jpg.jpeg\" alt=\"IMAGA-2.jpg\">\t\t\t\t\t\t\t\t\t\t\t<\/a>\n\t\t\t\t\t\t\t\t\t\t\t\n\t\t\t\t\t\t\t\t\t\t\t\t\t\t\t\t\t<\/div>\n\t\t\t\t\t\t\t\t<div class=\"pp-tm-content pp-tm-content-normal\">\n\t\t\t\t\t\t\t\t\t\t\t<h4 class=\"pp-tm-name\">\n\t\t\tST\u00c9PHANE BOUQUET\t\t<\/h4>\n\n\t\t\t\t\t<div class=\"pp-tm-position\">\n\t\t\t\tDirigeant et consultant senior en ESG\t\t\t<\/div>\n\t\t\t\t\t\t\t\t<div class=\"pp-tm-description\">\n\t\t\t\tSt\u00e9phane met plus de 20 ans d\u2019exp\u00e9rience au service des entreprises agroalimentaires.\nDipl\u00f4m\u00e9 de Montpellier SupAgro en agronomie et environnement, il a occup\u00e9 des&#8230;\t\t\t<\/div>\n\t\t\t\t\t\t\t\t\t\t\t\t<\/div>\n\t\t\t\t\t\t\t<\/div>\n\t\t\t\t\t\t<\/div>\n\t\t\t\t\t\t\t\t\t<\/div>\n\t\t\t<\/div>\n\t\t\t\t\t<\/div>\n\t\t\t\t\t\t<\/div>\n\t\t\t\t<\/div>\n\t\t<div id=\"e-n-tab-content-1793784814\" role=\"tabpanel\" aria-labelledby=\"e-n-tab-title-1793784814\" data-tab-index=\"4\" style=\"--n-tabs-title-order: 4;\" class=\" elementor-element elementor-element-656c42b e-con-full e-flex wpr-particle-no wpr-jarallax-no wpr-parallax-no wpr-sticky-section-no wpr-equal-height-no e-con e-child\" data-id=\"656c42b\" data-element_type=\"container\" data-e-type=\"container\" data-settings=\"{&quot;background_background&quot;:&quot;classic&quot;}\">\n\t\t\t\t<div class=\"elementor-element elementor-element-8010217 elementor-widget elementor-widget-pp-team-member-carousel\" data-id=\"8010217\" data-element_type=\"widget\" data-e-type=\"widget\" data-widget_type=\"pp-team-member-carousel.default\">\n\t\t\t\t\t\t\t<div class=\"swiper-container-wrap\">\n\t\t\t<div class=\"pp-tm-wrapper pp-tm-carousel pp-swiper-slider swiper\" id=\"swiper-container-8010217\" data-slider-settings=\"{&quot;direction&quot;:&quot;horizontal&quot;,&quot;effect&quot;:&quot;slide&quot;,&quot;speed&quot;:600,&quot;slides_per_view&quot;:3,&quot;space_between&quot;:10,&quot;auto_height&quot;:true,&quot;loop&quot;:&quot;yes&quot;,&quot;autoplay&quot;:&quot;yes&quot;,&quot;autoplay_speed&quot;:3000,&quot;pause_on_interaction&quot;:&quot;&quot;,&quot;slides_per_view_mobile&quot;:1,&quot;space_between_mobile&quot;:10,&quot;slides_per_view_tablet&quot;:2,&quot;space_between_tablet&quot;:10}\">\n\t\t\t\t<div class=\"swiper-wrapper\">\n\t\t\t\t\t\t\t\t\t\t\t<div class=\"swiper-slide\">\n\t\t\t\t\t\t\t<div class=\"pp-tm\">\n\t\t\t\t\t\t\t\t<div class=\"pp-tm-image\"> \n\t\t\t\t\t\t\t\t\t\t\t\t\t\t\t\t\t\t\t\t<a href=\"#elementor-action%3Aaction%3Dpopup%3Aopen%26settings%3DeyJpZCI6IjMxOTciLCJ0b2dnbGUiOmZhbHNlfQ%3D%3D\">\n\t\t\t\t\t\t\t\t\t\t\t\t<img decoding=\"async\" src=\"https:\/\/foapi.org\/wp-content\/uploads\/2026\/04\/1.png\" alt=\"Ebrima SALL\">\t\t\t\t\t\t\t\t\t\t\t<\/a>\n\t\t\t\t\t\t\t\t\t\t\t\n\t\t\t\t\t\t\t\t\t\t\t\t\t\t\t\t\t<\/div>\n\t\t\t\t\t\t\t\t<div class=\"pp-tm-content pp-tm-content-normal\">\n\t\t\t\t\t\t\t\t\t\t\t<h4 class=\"pp-tm-name\">\n\t\t\tEbrima SALL\t\t<\/h4>\n\n\t\t\t\t\t<div class=\"pp-tm-position\">\n\t\t\t\tDirecteur ex\u00e9cutif de TrustAfrica\t\t\t<\/div>\n\t\t\t\t\t\t\t\t<div class=\"pp-tm-description\">\n\t\t\t\tDirecteur ex\u00e9cutif de TrustAfrica, une fondation panafricaine qui promeut une citoyennet\u00e9 responsable et un leadership transparent&#8230;\t\t\t<\/div>\n\t\t\t\t\t\t\t\t\t\t\t\t<\/div>\n\t\t\t\t\t\t\t<\/div>\n\t\t\t\t\t\t<\/div>\n\t\t\t\t\t\t\t\t\t\t\t<div class=\"swiper-slide\">\n\t\t\t\t\t\t\t<div class=\"pp-tm\">\n\t\t\t\t\t\t\t\t<div class=\"pp-tm-image\"> \n\t\t\t\t\t\t\t\t\t\t\t\t\t\t\t\t\t\t\t\t<a href=\"#elementor-action%3Aaction%3Dpopup%3Aopen%26settings%3DeyJpZCI6IjUwMzkiLCJ0b2dnbGUiOmZhbHNlfQ%3D%3D\">\n\t\t\t\t\t\t\t\t\t\t\t\t<img decoding=\"async\" src=\"https:\/\/foapi.org\/wp-content\/uploads\/2026\/04\/IMAGA-1.jpg-1.jpeg\" alt=\"IMAGA-1.jpg (1)\">\t\t\t\t\t\t\t\t\t\t\t<\/a>\n\t\t\t\t\t\t\t\t\t\t\t\n\t\t\t\t\t\t\t\t\t\t\t\t\t\t\t\t\t<\/div>\n\t\t\t\t\t\t\t\t<div class=\"pp-tm-content pp-tm-content-normal\">\n\t\t\t\t\t\t\t\t\t\t\t<h4 class=\"pp-tm-name\">\n\t\t\tAdelphe DOUA \t\t<\/h4>\n\n\t\t\t\t\t<div class=\"pp-tm-position\">\n\t\t\t\tCoordinateur National en C\u00f4te d\u2019Ivoire, au sein de l\u2019EUMC\t\t\t<\/div>\n\t\t\t\t\t\t\t\t<div class=\"pp-tm-description\">\n\t\t\t\tProfessionnel ivoirien engag\u00e9 dans le d\u00e9veloppement international, avec une sp\u00e9cialisation dans la coordination de projets \u00e0 fort impact social&#8230;\t\t\t<\/div>\n\t\t\t\t\t\t\t\t\t\t\t\t<\/div>\n\t\t\t\t\t\t\t<\/div>\n\t\t\t\t\t\t<\/div>\n\t\t\t\t\t\t\t\t\t\t\t<div class=\"swiper-slide\">\n\t\t\t\t\t\t\t<div class=\"pp-tm\">\n\t\t\t\t\t\t\t\t<div class=\"pp-tm-image\"> \n\t\t\t\t\t\t\t\t\t\t\t\t\t\t\t\t\t\t\t\t<a href=\"#elementor-action%3Aaction%3Dpopup%3Aopen%26settings%3DeyJpZCI6IjMxODkiLCJ0b2dnbGUiOmZhbHNlfQ%3D%3D\">\n\t\t\t\t\t\t\t\t\t\t\t\t<img decoding=\"async\" src=\"https:\/\/foapi.org\/wp-content\/uploads\/2026\/04\/IMAGA-6.jpg.jpeg\" alt=\"Photo Mame Omar DIOP\">\t\t\t\t\t\t\t\t\t\t\t<\/a>\n\t\t\t\t\t\t\t\t\t\t\t\n\t\t\t\t\t\t\t\t\t\t\t\t\t\t\t\t\t<\/div>\n\t\t\t\t\t\t\t\t<div class=\"pp-tm-content pp-tm-content-normal\">\n\t\t\t\t\t\t\t\t\t\t\t<h4 class=\"pp-tm-name\">\n\t\t\tM. Mame Omar DIOP\t\t<\/h4>\n\n\t\t\t\t\t<div class=\"pp-tm-position\">\n\t\t\t\tRepr\u00e9sentant de l\u2019UNESCO en C\u00f4te d\u2019Ivoire. \t\t\t<\/div>\n\t\t\t\t\t\t\t\t<div class=\"pp-tm-description\">\n\t\t\t\tPr\u00e9sentement en C\u00f4te d\u2019Ivoire en qualit\u00e9 de Chef de bureau et Repr\u00e9sentant de\nl\u2019UNESCO, M. Mame Omar Diop est un sp\u00e9cialiste de l\u2019\u00e9ducation qui a, \u00e0 son actif, plus\nde 15 ann\u00e9es d\u2019exp\u00e9rience dans le domaine&#8230;\t\t\t<\/div>\n\t\t\t\t\t\t\t\t\t\t\t\t<\/div>\n\t\t\t\t\t\t\t<\/div>\n\t\t\t\t\t\t<\/div>\n\t\t\t\t\t\t\t\t\t<\/div>\n\t\t\t<\/div>\n\t\t\t\t\t<\/div>\n\t\t\t\t\t\t<\/div>\n\t\t\t\t<\/div>\n\t\t\t\t\t<\/div>\n\t\t<\/div>\n\t\t\t\t\t\t<\/div>\n\t\t\t\t<\/div>\n\t\t\t\t<\/div>\n\t\t","protected":false},"excerpt":{"rendered":"<p>Intervenants D\u00e9couvrez les personnalit\u00e9s et experts qui fa\u00e7onnent l&#8217;avenir de la philanthropie d&#8217;impact en Afrique de l&#8217;Ouest. Tous Keynotes Pan\u00e9listes Mod\u00e9rateurs Alpha Nury Investisseur, Cr\u00e9ateur de la plateforme de crowdtiming \u00e0 impact Jamaafunding Entrepreneur et fondateur de Jamaafunding, une plateforme pionni\u00e8re de crowdtiming qui permet de financer des projets \u00e0 la fois par l\u2019argent et par la mobilisation de comp\u00e9tences&#8230; Adelphe DOUA Coordinateur National en C\u00f4te d\u2019Ivoire, au sein de l\u2019EUMC Professionnel ivoirien engag\u00e9 dans le d\u00e9veloppement international, avec une sp\u00e9cialisation dans la coordination de projets \u00e0 fort impact social&#8230; M. Mame Omar DIOP Repr\u00e9sentant de l\u2019UNESCO en C\u00f4te d\u2019Ivoire. Pr\u00e9sentement en C\u00f4te d\u2019Ivoire en qualit\u00e9 de Chef de bureau et Repr\u00e9sentant de l\u2019UNESCO, M. Mame Omar Diop est un sp\u00e9cialiste de l\u2019\u00e9ducation qui a, \u00e0 son actif, plus de 15 ann\u00e9es d\u2019exp\u00e9rience dans le domaine&#8230; ST\u00c9PHANE BOUQUET Dirigeant et consultant senior en ESG St\u00e9phane a plus de 20 ans d\u2019exp\u00e9rience au service des entreprises agroalimentaires. Dipl\u00f4m\u00e9 de Montpellier SupAgro en agronomie et environnement, il a occup\u00e9 des&#8230; Aminata Kane Bald\u00e9 Fondatrice de C4D, Acumen Fellow et OpED Public Voices Fellow Architecte panafricaine des syst\u00e8mes entrepreneuriaux et des architectures de financement du d\u00e9veloppement&#8230; Sefora Kodjo Pr\u00e9sidente du R\u00e9seau africain des femmes leaders Femme d&rsquo;affaire et entrepreneure sociale ivoirienne, pr\u00e9sidente du R\u00e9seau africain des femmes leaders&#8230; Ebrima SALL Directeur ex\u00e9cutif de TrustAfrica Directeur ex\u00e9cutif de TrustAfrica, une fondation panafricaine qui promeut une citoyennet\u00e9 responsable et un leadership transparent&#8230; Koumba Diallo Anouma Executive MBA Dirigeant ax\u00e9 sur l&rsquo;impact, fort de 20 ans d&rsquo;exp\u00e9rience dans des environnements internationaux et multiculturels. Solide expertise en mati\u00e8re de financement mixte&#8230; Dr Liliane MBAZUTIMA KABONDO National AMEF Project Coordinator M\u00e9decin et experte en sant\u00e9 publique, entrepreneuriat \u00e0 impact et financement du d\u00e9veloppement. Elle cumule plus de vingt ann\u00e9es d\u2019exp\u00e9rience dans la structuration de &#8230; Dr. Gaoussou Sylla Conseiller Sp\u00e9cial | Chief of Staff | Chief Transformation Officer | Coordinateur, Fondation Azala\u00ef Praticien du d\u00e9veloppement et de la transformation institutionnelle, discret dans sa posture de Chief of Staff et&#8230; Ebrima SALL Directeur ex\u00e9cutif de TrustAfrica Directeur ex\u00e9cutif de TrustAfrica, une fondation panafricaine qui promeut une citoyennet\u00e9 responsable et un leadership transparent&#8230; Alpha Nury Investisseur, Cr\u00e9ateur de la plateforme de crowdtiming \u00e0 impact Jamaafunding Entrepreneur et fondateur de Jamaafunding, une plateforme pionni\u00e8re de crowdtiming qui permet de financer des projets \u00e0 la fois par l\u2019argent et par la mobilisation de comp\u00e9tences&#8230; Adelphe DOUA Coordinateur National en C\u00f4te d\u2019Ivoire, au sein de l\u2019EUMC Professionnel ivoirien engag\u00e9 dans le d\u00e9veloppement international, avec une sp\u00e9cialisation dans la coordination de projets \u00e0 fort impact social&#8230; Aminata Kane Bald\u00e9 Fondatrice de C4D, Acumen Fellow et OpED Public Voices Fellow Architecte panafricaine des syst\u00e8mes entrepreneuriaux et des architectures de financement du d\u00e9veloppement&#8230; Alpha Nury Investisseur, Cr\u00e9ateur de la plateforme de crowdtiming \u00e0 impact Jamaafunding Entrepreneur et fondateur de Jamaafunding, une plateforme pionni\u00e8re de crowdtiming qui permet de financer des projets \u00e0 la fois par l\u2019argent et par la mobilisation de comp\u00e9tences&#8230; Dr Liliane MBAZUTIMA KABONDO National AMEF Project Coordinator M\u00e9decin et experte en sant\u00e9 publique, entrepreneuriat \u00e0 impact et financement du d\u00e9veloppement. Elle cumule plus de vingt ann\u00e9es d\u2019exp\u00e9rience dans la structuration de &#8230; Adelphe DOUA Coordinateur National en C\u00f4te d\u2019Ivoire, au sein de l\u2019EUMC Professionnel ivoirien engag\u00e9 dans le d\u00e9veloppement international, avec une sp\u00e9cialisation dans la coordination de projets \u00e0 fort impact social&#8230; Koumba Diallo Anouma Executive MBA Dirigeant ax\u00e9 sur l&rsquo;impact, fort de 20 ans d&rsquo;exp\u00e9rience dans des environnements internationaux et multiculturels. Solide expertise en mati\u00e8re de financement mixte&#8230; Dr. Gaoussou Sylla Conseiller Sp\u00e9cial | Chief of Staff | Chief Transformation Officer | Coordinateur, Fondation Azala\u00ef Praticien du d\u00e9veloppement et de la transformation institutionnelle, discret dans sa posture de Chief of Staff et&#8230; M. Mame Omar DIOP Repr\u00e9sentant de l\u2019UNESCO en C\u00f4te d\u2019Ivoire. Pr\u00e9sentement en C\u00f4te d\u2019Ivoire en qualit\u00e9 de Chef de bureau et Repr\u00e9sentant de l\u2019UNESCO, M. Mame Omar Diop est un sp\u00e9cialiste de l\u2019\u00e9ducation qui a, \u00e0 son actif, plus de 15 ann\u00e9es d\u2019exp\u00e9rience dans le domaine&#8230; Sefora Kodjo Pr\u00e9sidente du R\u00e9seau africain des femmes leaders Femme d&rsquo;affaire et entrepreneure sociale ivoirienne, pr\u00e9sidente du R\u00e9seau africain des femmes leaders&#8230; ST\u00c9PHANE BOUQUET Dirigeant et consultant senior en ESG St\u00e9phane met plus de 20 ans d\u2019exp\u00e9rience au service des entreprises agroalimentaires. Dipl\u00f4m\u00e9 de Montpellier SupAgro en agronomie et environnement, il a occup\u00e9 des&#8230; Ebrima SALL Directeur ex\u00e9cutif de TrustAfrica Directeur ex\u00e9cutif de TrustAfrica, une fondation panafricaine qui promeut une citoyennet\u00e9 responsable et un leadership transparent&#8230; Adelphe DOUA Coordinateur National en C\u00f4te d\u2019Ivoire, au sein de l\u2019EUMC Professionnel ivoirien engag\u00e9 dans le d\u00e9veloppement international, avec une sp\u00e9cialisation dans la coordination de projets \u00e0 fort impact social&#8230; M. Mame Omar DIOP Repr\u00e9sentant de l\u2019UNESCO en C\u00f4te d\u2019Ivoire. Pr\u00e9sentement en C\u00f4te d\u2019Ivoire en qualit\u00e9 de Chef de bureau et Repr\u00e9sentant de l\u2019UNESCO, M. Mame Omar Diop est un sp\u00e9cialiste de l\u2019\u00e9ducation qui a, \u00e0 son actif, plus de 15 ann\u00e9es d\u2019exp\u00e9rience dans le domaine&#8230; Alpha Nury Investisseur, Cr\u00e9ateur de la plateforme de crowdtiming \u00e0 impact Jamaafunding Entrepreneur et fondateur de Jamaafunding, une plateforme pionni\u00e8re de crowdtiming qui permet de financer des projets \u00e0 la fois par l\u2019argent et par la mobilisation de comp\u00e9tences&#8230; Adelphe DOUA Coordinateur National en C\u00f4te d\u2019Ivoire, au sein de l\u2019EUMC Professionnel ivoirien engag\u00e9 dans le d\u00e9veloppement international, avec une sp\u00e9cialisation dans la coordination de projets \u00e0 fort impact social&#8230; M. Mame Omar DIOP Repr\u00e9sentant de l\u2019UNESCO en C\u00f4te d\u2019Ivoire. Pr\u00e9sentement en C\u00f4te d\u2019Ivoire en qualit\u00e9 de Chef de bureau et Repr\u00e9sentant de l\u2019UNESCO, M. Mame Omar Diop est un sp\u00e9cialiste de l\u2019\u00e9ducation qui a, \u00e0 son actif, plus de 15 ann\u00e9es d\u2019exp\u00e9rience dans le domaine&#8230; ST\u00c9PHANE BOUQUET Dirigeant et consultant senior en ESG St\u00e9phane a plus de 20 ans d\u2019exp\u00e9rience au service des entreprises agroalimentaires. Dipl\u00f4m\u00e9 de Montpellier SupAgro en agronomie et environnement, il a occup\u00e9 des&#8230; Aminata Kane Bald\u00e9 Fondatrice de C4D, Acumen Fellow et OpED Public Voices Fellow Architecte panafricaine des syst\u00e8mes entrepreneuriaux et des architectures de financement du d\u00e9veloppement&#8230; Sefora Kodjo Pr\u00e9sidente du R\u00e9seau africain des femmes leaders Femme d&rsquo;affaire et entrepreneure sociale ivoirienne, pr\u00e9sidente du R\u00e9seau africain&#8230;<\/p>\n","protected":false},"author":1,"featured_media":0,"parent":0,"menu_order":0,"comment_status":"closed","ping_status":"closed","template":"","meta":{"_acf_changed":false,"_kadence_starter_templates_imported_post":false,"_kad_post_transparent":"","_kad_post_title":"hide","_kad_post_layout":"fullwidth","_kad_post_sidebar_id":"","_kad_post_content_style":"unboxed","_kad_post_vertical_padding":"hide","_kad_post_feature":"hide","_kad_post_feature_position":"","_kad_post_header":false,"_kad_post_footer":false,"_kad_post_classname":"","footnotes":""},"class_list":["post-25","page","type-page","status-publish","hentry"],"acf":[],"yoast_head":"<!-- This site is optimized with the Yoast SEO plugin v27.4 - https:\/\/yoast.com\/product\/yoast-seo-wordpress\/ -->\n<title>Intervenants FOAPI 2026 | Experts Philanthropie Afrique<\/title>\n<meta name=\"description\" content=\"BAD, BOAD, UEMOA, OCDE, Deloitte, WINGS : d\u00e9couvrez les experts, philanthropes et institutions qui co-construisent l&#039;avenir de la philanthropie africaine au FOAPI 2026 \u00e0 Lom\u00e9.\" \/>\n<meta name=\"robots\" content=\"index, follow, max-snippet:-1, max-image-preview:large, max-video-preview:-1\" \/>\n<link rel=\"canonical\" href=\"https:\/\/foapi.org\/en\/intervenants\/\" \/>\n<meta property=\"og:locale\" content=\"en_US\" \/>\n<meta property=\"og:type\" content=\"article\" \/>\n<meta property=\"og:title\" content=\"Intervenants FOAPI 2026 | Experts Philanthropie Afrique\" \/>\n<meta property=\"og:description\" content=\"BAD, BOAD, UEMOA, OCDE, Deloitte, WINGS : d\u00e9couvrez les experts, philanthropes et institutions qui co-construisent l&#039;avenir de la philanthropie africaine au FOAPI 2026 \u00e0 Lom\u00e9.\" \/>\n<meta property=\"og:url\" content=\"https:\/\/foapi.org\/en\/intervenants\/\" \/>\n<meta property=\"og:site_name\" content=\"FOAPI\" \/>\n<meta property=\"article:modified_time\" content=\"2026-04-21T15:44:49+00:00\" \/>\n<meta property=\"og:image\" content=\"https:\/\/foapi.org\/wp-content\/uploads\/2026\/04\/IMAGA-4.jpg.jpeg\" \/>\n<meta name=\"twitter:card\" content=\"summary_large_image\" \/>\n<meta name=\"twitter:label1\" content=\"Est. reading time\" \/>\n\t<meta name=\"twitter:data1\" content=\"39 minutes\" \/>\n<script type=\"application\/ld+json\" class=\"yoast-schema-graph\">{\"@context\":\"https:\\\/\\\/schema.org\",\"@graph\":[{\"@type\":\"WebPage\",\"@id\":\"https:\\\/\\\/foapi.org\\\/en\\\/intervenants\\\/\",\"url\":\"https:\\\/\\\/foapi.org\\\/en\\\/intervenants\\\/\",\"name\":\"Intervenants FOAPI 2026 | Experts Philanthropie Afrique\",\"isPartOf\":{\"@id\":\"https:\\\/\\\/foapi.org\\\/en\\\/#website\"},\"primaryImageOfPage\":{\"@id\":\"https:\\\/\\\/foapi.org\\\/en\\\/intervenants\\\/#primaryimage\"},\"image\":{\"@id\":\"https:\\\/\\\/foapi.org\\\/en\\\/intervenants\\\/#primaryimage\"},\"thumbnailUrl\":\"https:\\\/\\\/foapi.org\\\/wp-content\\\/uploads\\\/2026\\\/04\\\/IMAGA-4.jpg.jpeg\",\"datePublished\":\"2026-03-17T10:26:36+00:00\",\"dateModified\":\"2026-04-21T15:44:49+00:00\",\"description\":\"BAD, BOAD, UEMOA, OCDE, Deloitte, WINGS : d\u00e9couvrez les experts, philanthropes et institutions qui co-construisent l'avenir de la philanthropie africaine au FOAPI 2026 \u00e0 Lom\u00e9.\",\"breadcrumb\":{\"@id\":\"https:\\\/\\\/foapi.org\\\/en\\\/intervenants\\\/#breadcrumb\"},\"inLanguage\":\"en-US\",\"potentialAction\":[{\"@type\":\"ReadAction\",\"target\":[\"https:\\\/\\\/foapi.org\\\/en\\\/intervenants\\\/\"]}]},{\"@type\":\"ImageObject\",\"inLanguage\":\"en-US\",\"@id\":\"https:\\\/\\\/foapi.org\\\/en\\\/intervenants\\\/#primaryimage\",\"url\":\"https:\\\/\\\/foapi.org\\\/wp-content\\\/uploads\\\/2026\\\/04\\\/IMAGA-4.jpg.jpeg\",\"contentUrl\":\"https:\\\/\\\/foapi.org\\\/wp-content\\\/uploads\\\/2026\\\/04\\\/IMAGA-4.jpg.jpeg\"},{\"@type\":\"BreadcrumbList\",\"@id\":\"https:\\\/\\\/foapi.org\\\/en\\\/intervenants\\\/#breadcrumb\",\"itemListElement\":[{\"@type\":\"ListItem\",\"position\":1,\"name\":\"Accueil\",\"item\":\"https:\\\/\\\/foapi.org\\\/en\\\/home\\\/\"},{\"@type\":\"ListItem\",\"position\":2,\"name\":\"Intervenants\"}]},{\"@type\":\"WebSite\",\"@id\":\"https:\\\/\\\/foapi.org\\\/en\\\/#website\",\"url\":\"https:\\\/\\\/foapi.org\\\/en\\\/\",\"name\":\"FOAPI\",\"description\":\"Repenser la philanthropie africaine de la solidarit\u00e9 \u00e0 l&#039;investissement d&#039;impact\",\"publisher\":{\"@id\":\"https:\\\/\\\/foapi.org\\\/en\\\/#organization\"},\"potentialAction\":[{\"@type\":\"SearchAction\",\"target\":{\"@type\":\"EntryPoint\",\"urlTemplate\":\"https:\\\/\\\/foapi.org\\\/en\\\/?s={search_term_string}\"},\"query-input\":{\"@type\":\"PropertyValueSpecification\",\"valueRequired\":true,\"valueName\":\"search_term_string\"}}],\"inLanguage\":\"en-US\"},{\"@type\":\"Organization\",\"@id\":\"https:\\\/\\\/foapi.org\\\/en\\\/#organization\",\"name\":\"FOAPI\",\"url\":\"https:\\\/\\\/foapi.org\\\/en\\\/\",\"logo\":{\"@type\":\"ImageObject\",\"inLanguage\":\"en-US\",\"@id\":\"https:\\\/\\\/foapi.org\\\/en\\\/#\\\/schema\\\/logo\\\/image\\\/\",\"url\":\"https:\\\/\\\/foapi.org\\\/wp-content\\\/uploads\\\/2026\\\/03\\\/logo-FOAPI-OK-couleurs.avif\",\"contentUrl\":\"https:\\\/\\\/foapi.org\\\/wp-content\\\/uploads\\\/2026\\\/03\\\/logo-FOAPI-OK-couleurs.avif\",\"width\":1499,\"height\":850,\"caption\":\"FOAPI\"},\"image\":{\"@id\":\"https:\\\/\\\/foapi.org\\\/en\\\/#\\\/schema\\\/logo\\\/image\\\/\"}}]}<\/script>\n<!-- \/ Yoast SEO plugin. -->","yoast_head_json":{"title":"Intervenants FOAPI 2026 | Experts Philanthropie Afrique","description":"BAD, BOAD, UEMOA, OCDE, Deloitte, WINGS : d\u00e9couvrez les experts, philanthropes et institutions qui co-construisent l'avenir de la philanthropie africaine au FOAPI 2026 \u00e0 Lom\u00e9.","robots":{"index":"index","follow":"follow","max-snippet":"max-snippet:-1","max-image-preview":"max-image-preview:large","max-video-preview":"max-video-preview:-1"},"canonical":"https:\/\/foapi.org\/en\/intervenants\/","og_locale":"en_US","og_type":"article","og_title":"Intervenants FOAPI 2026 | Experts Philanthropie Afrique","og_description":"BAD, BOAD, UEMOA, OCDE, Deloitte, WINGS : d\u00e9couvrez les experts, philanthropes et institutions qui co-construisent l'avenir de la philanthropie africaine au FOAPI 2026 \u00e0 Lom\u00e9.","og_url":"https:\/\/foapi.org\/en\/intervenants\/","og_site_name":"FOAPI","article_modified_time":"2026-04-21T15:44:49+00:00","og_image":[{"url":"https:\/\/foapi.org\/wp-content\/uploads\/2026\/04\/IMAGA-4.jpg.jpeg","type":"","width":"","height":""}],"twitter_card":"summary_large_image","twitter_misc":{"Est. reading time":"39 minutes"},"schema":{"@context":"https:\/\/schema.org","@graph":[{"@type":"WebPage","@id":"https:\/\/foapi.org\/en\/intervenants\/","url":"https:\/\/foapi.org\/en\/intervenants\/","name":"Intervenants FOAPI 2026 | Experts Philanthropie Afrique","isPartOf":{"@id":"https:\/\/foapi.org\/en\/#website"},"primaryImageOfPage":{"@id":"https:\/\/foapi.org\/en\/intervenants\/#primaryimage"},"image":{"@id":"https:\/\/foapi.org\/en\/intervenants\/#primaryimage"},"thumbnailUrl":"https:\/\/foapi.org\/wp-content\/uploads\/2026\/04\/IMAGA-4.jpg.jpeg","datePublished":"2026-03-17T10:26:36+00:00","dateModified":"2026-04-21T15:44:49+00:00","description":"BAD, BOAD, UEMOA, OCDE, Deloitte, WINGS : d\u00e9couvrez les experts, philanthropes et institutions qui co-construisent l'avenir de la philanthropie africaine au FOAPI 2026 \u00e0 Lom\u00e9.","breadcrumb":{"@id":"https:\/\/foapi.org\/en\/intervenants\/#breadcrumb"},"inLanguage":"en-US","potentialAction":[{"@type":"ReadAction","target":["https:\/\/foapi.org\/en\/intervenants\/"]}]},{"@type":"ImageObject","inLanguage":"en-US","@id":"https:\/\/foapi.org\/en\/intervenants\/#primaryimage","url":"https:\/\/foapi.org\/wp-content\/uploads\/2026\/04\/IMAGA-4.jpg.jpeg","contentUrl":"https:\/\/foapi.org\/wp-content\/uploads\/2026\/04\/IMAGA-4.jpg.jpeg"},{"@type":"BreadcrumbList","@id":"https:\/\/foapi.org\/en\/intervenants\/#breadcrumb","itemListElement":[{"@type":"ListItem","position":1,"name":"Accueil","item":"https:\/\/foapi.org\/en\/home\/"},{"@type":"ListItem","position":2,"name":"Intervenants"}]},{"@type":"WebSite","@id":"https:\/\/foapi.org\/en\/#website","url":"https:\/\/foapi.org\/en\/","name":"FOAPI","description":"Repenser la philanthropie africaine de la solidarit\u00e9 \u00e0 l&#039;investissement d&#039;impact","publisher":{"@id":"https:\/\/foapi.org\/en\/#organization"},"potentialAction":[{"@type":"SearchAction","target":{"@type":"EntryPoint","urlTemplate":"https:\/\/foapi.org\/en\/?s={search_term_string}"},"query-input":{"@type":"PropertyValueSpecification","valueRequired":true,"valueName":"search_term_string"}}],"inLanguage":"en-US"},{"@type":"Organization","@id":"https:\/\/foapi.org\/en\/#organization","name":"FOAPI","url":"https:\/\/foapi.org\/en\/","logo":{"@type":"ImageObject","inLanguage":"en-US","@id":"https:\/\/foapi.org\/en\/#\/schema\/logo\/image\/","url":"https:\/\/foapi.org\/wp-content\/uploads\/2026\/03\/logo-FOAPI-OK-couleurs.avif","contentUrl":"https:\/\/foapi.org\/wp-content\/uploads\/2026\/03\/logo-FOAPI-OK-couleurs.avif","width":1499,"height":850,"caption":"FOAPI"},"image":{"@id":"https:\/\/foapi.org\/en\/#\/schema\/logo\/image\/"}}]}},"_links":{"self":[{"href":"https:\/\/foapi.org\/en\/wp-json\/wp\/v2\/pages\/25","targetHints":{"allow":["GET"]}}],"collection":[{"href":"https:\/\/foapi.org\/en\/wp-json\/wp\/v2\/pages"}],"about":[{"href":"https:\/\/foapi.org\/en\/wp-json\/wp\/v2\/types\/page"}],"author":[{"embeddable":true,"href":"https:\/\/foapi.org\/en\/wp-json\/wp\/v2\/users\/1"}],"replies":[{"embeddable":true,"href":"https:\/\/foapi.org\/en\/wp-json\/wp\/v2\/comments?post=25"}],"version-history":[{"count":325,"href":"https:\/\/foapi.org\/en\/wp-json\/wp\/v2\/pages\/25\/revisions"}],"predecessor-version":[{"id":5569,"href":"https:\/\/foapi.org\/en\/wp-json\/wp\/v2\/pages\/25\/revisions\/5569"}],"wp:attachment":[{"href":"https:\/\/foapi.org\/en\/wp-json\/wp\/v2\/media?parent=25"}],"curies":[{"name":"wp","href":"https:\/\/api.w.org\/{rel}","templated":true}]}}